{"id":459,"date":"2024-04-17T07:39:15","date_gmt":"2024-04-17T07:39:15","guid":{"rendered":"https:\/\/sticlutaesentiala.ro\/?page_id=459"},"modified":"2026-08-17T16:43:44","modified_gmt":"2026-08-17T13:43:44","slug":"retete","status":"publish","type":"page","link":"https:\/\/sticlutaesentiala.ro\/en\/retete\/","title":{"rendered":"Recipes"},"content":{"rendered":"<div class=\"vc_row wpb_row vc_row-fluid\"><div class=\"wpb_column vc_column_container vc_col-sm-12\"><div class=\"vc_column-inner\"><div class=\"wpb_wrapper\">\r\n<div class=\"vc_grid-container-wrapper vc_clearfix\">\r\n\t<div class=\"vc_grid-container vc_clearfix wpb_content_element vc_basic_grid\" data-initial-loading-animation=\"fadeIn\" data-vc-grid-settings=\"{&quot;page_id&quot;:459,&quot;style&quot;:&quot;all&quot;,&quot;action&quot;:&quot;vc_get_vc_grid_data&quot;,&quot;shortcode_id&quot;:&quot;1786974144895-b62e6dc3-ede2-6&quot;,&quot;tag&quot;:&quot;vc_basic_grid&quot;}\" data-vc-request=\"https:\/\/sticlutaesentiala.ro\/wp-admin\/admin-ajax.php\" data-vc-post-id=\"459\" data-vc-public-nonce=\"225fcc33ab\">\r\n\t\t<style data-type=\"vc_shortcodes-custom-css\">.vc_custom_1786965254333{padding: 0px !important;}.vc_custom_1786966533557{padding-top: 20px !important;padding-right: 0px !important;padding-bottom: 0px !important;padding-left: 0px !important;}.vc_custom_1786965488279{margin-bottom: 0px !important;}.vc_custom_1786966669075{margin-bottom: 0px !important;}.vc_custom_1786966678607{margin-bottom: 0px !important;}<\/style><div class=\"vc_grid vc_row vc_grid-gutter-35px vc_pageable-wrapper vc_hook_hover\" data-vc-pageable-content=\"true\"><div class=\"vc_pageable-slide-wrapper vc_clearfix\" data-vc-grid-content=\"true\"><div class=\"vc_grid-item vc_clearfix vc_col-sm-4 vc_grid-item-zone-c-bottom\"><div class=\"vc_grid-item-mini vc_clearfix\"><div class=\"vc_gitem-animated-block\" \"><div class=\"vc_gitem-zone vc_gitem-zone-a lazyload vc-gitem-zone-height-mode-auto vc-gitem-zone-height-mode-auto-4-3 vc_gitem-is-link\"><a href=\"https:\/\/sticlutaesentiala.ro\/en\/retete\/sandvisuri-cu-ardei-copt-manchego-si-ulei-esential-de-busuioc\/\" title=\"Sandvi\u0219uri cu ardei copt, Manchego \u0219i ulei esen\u021bial de Busuioc\" class=\"vc_gitem-link vc-zone-link\"><\/a><div class=\"vc_gitem-zone-mini\"><div class=\"vc_gitem_row vc_row vc_gitem-row-position-top\"><div class=\"vc_col-sm-12 vc_gitem-col vc_gitem-col-align- vc_custom_1786965254333\">\r\n\t<div class=\"wpb_single_image wpb_content_element recipe-image vc_align_center\">\r\n\t\t<figure class=\"wpb_wrapper vc_figure\">\r\n\t\t\t<div class=\"vc_single_image-wrapper   vc_box_border_grey\"><img loading=\"lazy\" decoding=\"async\" width=\"750\" height=\"422\" src=\"https:\/\/sticlutaesentiala.ro\/wp-content\/uploads\/2026\/08\/sandvisuri-cu-ardei-copt-manchego-si-ulei-esential-de-busuioc-1024x576.webp\" class=\"vc_single_image-img attachment-large\" alt=\"Sandvi\u0219 cu ardei copt, Manchego \u0219i ulei esen\u021bial de Busuioc\" srcset=\"https:\/\/sticlutaesentiala.ro\/wp-content\/uploads\/2026\/08\/sandvisuri-cu-ardei-copt-manchego-si-ulei-esential-de-busuioc-1024x576.webp 1024w, https:\/\/sticlutaesentiala.ro\/wp-content\/uploads\/2026\/08\/sandvisuri-cu-ardei-copt-manchego-si-ulei-esential-de-busuioc-300x169.webp 300w, https:\/\/sticlutaesentiala.ro\/wp-content\/uploads\/2026\/08\/sandvisuri-cu-ardei-copt-manchego-si-ulei-esential-de-busuioc-768x432.webp 768w, https:\/\/sticlutaesentiala.ro\/wp-content\/uploads\/2026\/08\/sandvisuri-cu-ardei-copt-manchego-si-ulei-esential-de-busuioc-1536x864.webp 1536w, https:\/\/sticlutaesentiala.ro\/wp-content\/uploads\/2026\/08\/sandvisuri-cu-ardei-copt-manchego-si-ulei-esential-de-busuioc-18x10.webp 18w, https:\/\/sticlutaesentiala.ro\/wp-content\/uploads\/2026\/08\/sandvisuri-cu-ardei-copt-manchego-si-ulei-esential-de-busuioc-480x270.webp 480w, https:\/\/sticlutaesentiala.ro\/wp-content\/uploads\/2026\/08\/sandvisuri-cu-ardei-copt-manchego-si-ulei-esential-de-busuioc-1568x882.webp 1568w, https:\/\/sticlutaesentiala.ro\/wp-content\/uploads\/2026\/08\/sandvisuri-cu-ardei-copt-manchego-si-ulei-esential-de-busuioc-600x338.webp 600w, https:\/\/sticlutaesentiala.ro\/wp-content\/uploads\/2026\/08\/sandvisuri-cu-ardei-copt-manchego-si-ulei-esential-de-busuioc.webp 1672w\" sizes=\"auto, (max-width: 750px) 100vw, 750px\" style=\"width:100%;height:56.28%;max-width:1672px;\" \/><\/div>\r\n\t\t<\/figure>\r\n\t<\/div>\r\n<\/div><\/div><\/div><\/div><\/div><div class=\"vc_gitem-zone vc_gitem-zone-c recipes-list-post-details\"><div class=\"vc_gitem-zone-mini\"><div class=\"vc_gitem_row vc_row vc_gitem-row-position-top\"><div class=\"vc_col-sm-12 vc_gitem-col vc_gitem-col-align- vc_custom_1786966533557\"><div class=\"vc_custom_heading blog-list-post-title vc_gitem-post-data vc_gitem-post-data-source-post_title\" ><h2 style=\"text-align: left\" >Sandvi\u0219uri cu ardei copt, Manchego \u0219i ulei esen\u021bial de Busuioc<\/h2><\/div><div class=\"vc_custom_heading blog-list-post-excerpt vc_custom_1786965488279 vc_gitem-post-data vc_gitem-post-data-source-post_excerpt\" ><p style=\"text-align: left\" ><p>Sandvi\u0219uri aromate cu ciabatta, ardei cop\u021bi marina\u021bi, br\u00e2nz\u0103 Manchego, rucola \u0219i ulei esen\u021bial de Busuioc d\u014dTERRA.<\/p>\n<\/p><\/div><div class=\"vc_btn3-container  blog-list-post-button vc_btn3-left vc_custom_1786966678607\"><a class=\"vc_general vc_btn3 vc_btn3-size-md vc_btn3-shape-rounded vc_btn3-style-flat vc_btn3-icon-right vc_btn3-color-juicy-pink\" a href=\"https:\/\/sticlutaesentiala.ro\/en\/retete\/sandvisuri-cu-ardei-copt-manchego-si-ulei-esential-de-busuioc\/\" title=\"Read more\">Read more <i class=\"vc_btn3-icon fas fa-chevron-right\"><\/i><\/a><\/div><\/div><\/div><\/div><\/div><\/div><div class=\"vc_clearfix\"><\/div><\/div><div class=\"vc_grid-item vc_clearfix vc_col-sm-4 vc_grid-item-zone-c-bottom\"><div class=\"vc_grid-item-mini vc_clearfix\"><div class=\"vc_gitem-animated-block\" \"><div class=\"vc_gitem-zone vc_gitem-zone-a lazyload vc-gitem-zone-height-mode-auto vc-gitem-zone-height-mode-auto-4-3 vc_gitem-is-link\"><a href=\"https:\/\/sticlutaesentiala.ro\/en\/retete\/piure-de-cartofi-cu-ulei-esential-de-rozmarin\/\" title=\"Piure de cartofi cu ulei esen\u021bial de Rozmarin\" class=\"vc_gitem-link vc-zone-link\"><\/a><div class=\"vc_gitem-zone-mini\"><div class=\"vc_gitem_row vc_row vc_gitem-row-position-top\"><div class=\"vc_col-sm-12 vc_gitem-col vc_gitem-col-align- vc_custom_1786965254333\">\r\n\t<div class=\"wpb_single_image wpb_content_element recipe-image vc_align_center\">\r\n\t\t<figure class=\"wpb_wrapper vc_figure\">\r\n\t\t\t<div class=\"vc_single_image-wrapper   vc_box_border_grey\"><img loading=\"lazy\" decoding=\"async\" width=\"750\" height=\"500\" src=\"https:\/\/sticlutaesentiala.ro\/wp-content\/uploads\/2026\/08\/piure-de-cartofi-cu-ulei-esential-de-rozmarin-1024x683.webp\" class=\"vc_single_image-img attachment-large\" alt=\"Piure de cartofi cu ulei esen\u021bial de Rozmarin\" srcset=\"https:\/\/sticlutaesentiala.ro\/wp-content\/uploads\/2026\/08\/piure-de-cartofi-cu-ulei-esential-de-rozmarin-1024x683.webp 1024w, https:\/\/sticlutaesentiala.ro\/wp-content\/uploads\/2026\/08\/piure-de-cartofi-cu-ulei-esential-de-rozmarin-300x200.webp 300w, https:\/\/sticlutaesentiala.ro\/wp-content\/uploads\/2026\/08\/piure-de-cartofi-cu-ulei-esential-de-rozmarin-768x512.webp 768w, https:\/\/sticlutaesentiala.ro\/wp-content\/uploads\/2026\/08\/piure-de-cartofi-cu-ulei-esential-de-rozmarin-18x12.webp 18w, https:\/\/sticlutaesentiala.ro\/wp-content\/uploads\/2026\/08\/piure-de-cartofi-cu-ulei-esential-de-rozmarin-600x400.webp 600w, https:\/\/sticlutaesentiala.ro\/wp-content\/uploads\/2026\/08\/piure-de-cartofi-cu-ulei-esential-de-rozmarin.webp 1536w\" sizes=\"auto, (max-width: 750px) 100vw, 750px\" style=\"width:100%;height:66.67%;max-width:1536px;\" \/><\/div>\r\n\t\t<\/figure>\r\n\t<\/div>\r\n<\/div><\/div><\/div><\/div><\/div><div class=\"vc_gitem-zone vc_gitem-zone-c recipes-list-post-details\"><div class=\"vc_gitem-zone-mini\"><div class=\"vc_gitem_row vc_row vc_gitem-row-position-top\"><div class=\"vc_col-sm-12 vc_gitem-col vc_gitem-col-align- vc_custom_1786966533557\"><div class=\"vc_custom_heading blog-list-post-title vc_gitem-post-data vc_gitem-post-data-source-post_title\" ><h2 style=\"text-align: left\" >Piure de cartofi cu ulei esen\u021bial de Rozmarin<\/h2><\/div><div class=\"vc_custom_heading blog-list-post-excerpt vc_custom_1786965488279 vc_gitem-post-data vc_gitem-post-data-source-post_excerpt\" ><p style=\"text-align: left\" ><p>Piure cremos de cartofi cu ceap\u0103 ro\u0219ie, usturoi \u0219i aroma proasp\u0103t\u0103, ierboas\u0103 a uleiului esen\u021bial de Rozmarin d\u014dTERRA.<\/p>\n<\/p><\/div><div class=\"vc_btn3-container  blog-list-post-button vc_btn3-left vc_custom_1786966678607\"><a class=\"vc_general vc_btn3 vc_btn3-size-md vc_btn3-shape-rounded vc_btn3-style-flat vc_btn3-icon-right vc_btn3-color-juicy-pink\" a href=\"https:\/\/sticlutaesentiala.ro\/en\/retete\/piure-de-cartofi-cu-ulei-esential-de-rozmarin\/\" title=\"Read more\">Read more <i class=\"vc_btn3-icon fas fa-chevron-right\"><\/i><\/a><\/div><\/div><\/div><\/div><\/div><\/div><div class=\"vc_clearfix\"><\/div><\/div><div class=\"vc_grid-item vc_clearfix vc_col-sm-4 vc_grid-item-zone-c-bottom\"><div class=\"vc_grid-item-mini vc_clearfix\"><div class=\"vc_gitem-animated-block\" \"><div class=\"vc_gitem-zone vc_gitem-zone-a lazyload vc-gitem-zone-height-mode-auto vc-gitem-zone-height-mode-auto-4-3 vc_gitem-is-link\"><a href=\"https:\/\/sticlutaesentiala.ro\/en\/retete\/limonada-cu-ulei-esential-de-menta-creata\/\" title=\"Limonad\u0103 cu ulei esen\u021bial de Ment\u0103 Crea\u021b\u0103\" class=\"vc_gitem-link vc-zone-link\"><\/a><div class=\"vc_gitem-zone-mini\"><div class=\"vc_gitem_row vc_row vc_gitem-row-position-top\"><div class=\"vc_col-sm-12 vc_gitem-col vc_gitem-col-align- vc_custom_1786965254333\">\r\n\t<div class=\"wpb_single_image wpb_content_element recipe-image vc_align_center\">\r\n\t\t<figure class=\"wpb_wrapper vc_figure\">\r\n\t\t\t<div class=\"vc_single_image-wrapper   vc_box_border_grey\"><img loading=\"lazy\" decoding=\"async\" width=\"750\" height=\"563\" src=\"https:\/\/sticlutaesentiala.ro\/wp-content\/uploads\/2026\/08\/limonada-cu-ulei-esential-de-menta-creata-1024x768.webp\" class=\"vc_single_image-img attachment-large\" alt=\"Limonad\u0103 cu l\u0103m\u00e2ie, ment\u0103 \u0219i ulei esen\u021bial de Ment\u0103 Crea\u021b\u0103\" srcset=\"https:\/\/sticlutaesentiala.ro\/wp-content\/uploads\/2026\/08\/limonada-cu-ulei-esential-de-menta-creata-1024x768.webp 1024w, https:\/\/sticlutaesentiala.ro\/wp-content\/uploads\/2026\/08\/limonada-cu-ulei-esential-de-menta-creata-300x225.webp 300w, https:\/\/sticlutaesentiala.ro\/wp-content\/uploads\/2026\/08\/limonada-cu-ulei-esential-de-menta-creata-768x576.webp 768w, https:\/\/sticlutaesentiala.ro\/wp-content\/uploads\/2026\/08\/limonada-cu-ulei-esential-de-menta-creata-16x12.webp 16w, https:\/\/sticlutaesentiala.ro\/wp-content\/uploads\/2026\/08\/limonada-cu-ulei-esential-de-menta-creata-500x375.webp 500w, https:\/\/sticlutaesentiala.ro\/wp-content\/uploads\/2026\/08\/limonada-cu-ulei-esential-de-menta-creata-600x450.webp 600w, https:\/\/sticlutaesentiala.ro\/wp-content\/uploads\/2026\/08\/limonada-cu-ulei-esential-de-menta-creata.webp 1448w\" sizes=\"auto, (max-width: 750px) 100vw, 750px\" style=\"width:100%;height:75%;max-width:1448px;\" \/><\/div>\r\n\t\t<\/figure>\r\n\t<\/div>\r\n<\/div><\/div><\/div><\/div><\/div><div class=\"vc_gitem-zone vc_gitem-zone-c recipes-list-post-details\"><div class=\"vc_gitem-zone-mini\"><div class=\"vc_gitem_row vc_row vc_gitem-row-position-top\"><div class=\"vc_col-sm-12 vc_gitem-col vc_gitem-col-align- vc_custom_1786966533557\"><div class=\"vc_custom_heading blog-list-post-title vc_gitem-post-data vc_gitem-post-data-source-post_title\" ><h2 style=\"text-align: left\" >Limonad\u0103 cu ulei esen\u021bial de Ment\u0103 Crea\u021b\u0103<\/h2><\/div><div class=\"vc_custom_heading blog-list-post-excerpt vc_custom_1786965488279 vc_gitem-post-data vc_gitem-post-data-source-post_excerpt\" ><p style=\"text-align: left\" ><p>O limonad\u0103 clasic\u0103 \u0219i r\u0103coritoare, aromatizat\u0103 cu ulei esen\u021bial de Ment\u0103 Crea\u021b\u0103 d\u014dTERRA pentru o not\u0103 delicat\u0103 de ment\u0103.<\/p>\n<\/p><\/div><div class=\"vc_btn3-container  blog-list-post-button vc_btn3-left vc_custom_1786966678607\"><a class=\"vc_general vc_btn3 vc_btn3-size-md vc_btn3-shape-rounded vc_btn3-style-flat vc_btn3-icon-right vc_btn3-color-juicy-pink\" a href=\"https:\/\/sticlutaesentiala.ro\/en\/retete\/limonada-cu-ulei-esential-de-menta-creata\/\" title=\"Read more\">Read more <i class=\"vc_btn3-icon fas fa-chevron-right\"><\/i><\/a><\/div><\/div><\/div><\/div><\/div><\/div><div class=\"vc_clearfix\"><\/div><\/div><div class=\"vc_grid-item vc_clearfix vc_col-sm-4 vc_grid-item-zone-c-bottom\"><div class=\"vc_grid-item-mini vc_clearfix\"><div class=\"vc_gitem-animated-block\" \"><div class=\"vc_gitem-zone vc_gitem-zone-a lazyload vc-gitem-zone-height-mode-auto vc-gitem-zone-height-mode-auto-4-3 vc_gitem-is-link\"><a href=\"https:\/\/sticlutaesentiala.ro\/en\/retete\/bomboane-de-ciocolata-cu-ulei-esential-de-menta\/\" title=\"Bomboane de ciocolat\u0103 cu ulei esen\u021bial de Ment\u0103\" class=\"vc_gitem-link vc-zone-link\"><\/a><div class=\"vc_gitem-zone-mini\"><div class=\"vc_gitem_row vc_row vc_gitem-row-position-top\"><div class=\"vc_col-sm-12 vc_gitem-col vc_gitem-col-align- vc_custom_1786965254333\">\r\n\t<div class=\"wpb_single_image wpb_content_element recipe-image vc_align_center\">\r\n\t\t<figure class=\"wpb_wrapper vc_figure\">\r\n\t\t\t<div class=\"vc_single_image-wrapper   vc_box_border_grey\"><img loading=\"lazy\" decoding=\"async\" width=\"750\" height=\"500\" src=\"https:\/\/sticlutaesentiala.ro\/wp-content\/uploads\/2026\/08\/bomboane-de-ciocolata-cu-ulei-esential-de-menta-1024x683.webp\" class=\"vc_single_image-img attachment-large\" alt=\"Bomboane de ciocolat\u0103 cu ulei esen\u021bial de Ment\u0103\" srcset=\"https:\/\/sticlutaesentiala.ro\/wp-content\/uploads\/2026\/08\/bomboane-de-ciocolata-cu-ulei-esential-de-menta-1024x683.webp 1024w, https:\/\/sticlutaesentiala.ro\/wp-content\/uploads\/2026\/08\/bomboane-de-ciocolata-cu-ulei-esential-de-menta-300x200.webp 300w, https:\/\/sticlutaesentiala.ro\/wp-content\/uploads\/2026\/08\/bomboane-de-ciocolata-cu-ulei-esential-de-menta-768x512.webp 768w, https:\/\/sticlutaesentiala.ro\/wp-content\/uploads\/2026\/08\/bomboane-de-ciocolata-cu-ulei-esential-de-menta-1536x1024.webp 1536w, https:\/\/sticlutaesentiala.ro\/wp-content\/uploads\/2026\/08\/bomboane-de-ciocolata-cu-ulei-esential-de-menta-18x12.webp 18w, https:\/\/sticlutaesentiala.ro\/wp-content\/uploads\/2026\/08\/bomboane-de-ciocolata-cu-ulei-esential-de-menta-1568x1045.webp 1568w, https:\/\/sticlutaesentiala.ro\/wp-content\/uploads\/2026\/08\/bomboane-de-ciocolata-cu-ulei-esential-de-menta-600x400.webp 600w, https:\/\/sticlutaesentiala.ro\/wp-content\/uploads\/2026\/08\/bomboane-de-ciocolata-cu-ulei-esential-de-menta.webp 2048w\" sizes=\"auto, (max-width: 750px) 100vw, 750px\" style=\"width:100%;height:66.65%;max-width:2048px;\" \/><\/div>\r\n\t\t<\/figure>\r\n\t<\/div>\r\n<\/div><\/div><\/div><\/div><\/div><div class=\"vc_gitem-zone vc_gitem-zone-c recipes-list-post-details\"><div class=\"vc_gitem-zone-mini\"><div class=\"vc_gitem_row vc_row vc_gitem-row-position-top\"><div class=\"vc_col-sm-12 vc_gitem-col vc_gitem-col-align- vc_custom_1786966533557\"><div class=\"vc_custom_heading blog-list-post-title vc_gitem-post-data vc_gitem-post-data-source-post_title\" ><h2 style=\"text-align: left\" >Bomboane de ciocolat\u0103 cu ulei esen\u021bial de Ment\u0103<\/h2><\/div><div class=\"vc_custom_heading blog-list-post-excerpt vc_custom_1786965488279 vc_gitem-post-data vc_gitem-post-data-source-post_excerpt\" ><p style=\"text-align: left\" ><p>Bomboane fine de ciocolat\u0103 cu o umplutur\u0103 cremoas\u0103 din cocos, miere \u0219i ulei esen\u021bial de Ment\u0103 d\u014dTERRA.<\/p>\n<\/p><\/div><div class=\"vc_btn3-container  blog-list-post-button vc_btn3-left vc_custom_1786966678607\"><a class=\"vc_general vc_btn3 vc_btn3-size-md vc_btn3-shape-rounded vc_btn3-style-flat vc_btn3-icon-right vc_btn3-color-juicy-pink\" a href=\"https:\/\/sticlutaesentiala.ro\/en\/retete\/bomboane-de-ciocolata-cu-ulei-esential-de-menta\/\" title=\"Read more\">Read more <i class=\"vc_btn3-icon fas fa-chevron-right\"><\/i><\/a><\/div><\/div><\/div><\/div><\/div><\/div><div class=\"vc_clearfix\"><\/div><\/div><div class=\"vc_grid-item vc_clearfix vc_col-sm-4 vc_grid-item-zone-c-bottom\"><div class=\"vc_grid-item-mini vc_clearfix\"><div class=\"vc_gitem-animated-block\" \"><div class=\"vc_gitem-zone vc_gitem-zone-a lazyload vc-gitem-zone-height-mode-auto vc-gitem-zone-height-mode-auto-4-3 vc_gitem-is-link\"><a href=\"https:\/\/sticlutaesentiala.ro\/en\/retete\/dressing-de-primavara-cu-ulei-esential-de-menta-creata\/\" title=\"Dressing de prim\u0103var\u0103 cu ulei esen\u021bial de Ment\u0103 Crea\u021b\u0103\" class=\"vc_gitem-link vc-zone-link\"><\/a><div class=\"vc_gitem-zone-mini\"><div class=\"vc_gitem_row vc_row vc_gitem-row-position-top\"><div class=\"vc_col-sm-12 vc_gitem-col vc_gitem-col-align- vc_custom_1786965254333\">\r\n\t<div class=\"wpb_single_image wpb_content_element recipe-image vc_align_center\">\r\n\t\t<figure class=\"wpb_wrapper vc_figure\">\r\n\t\t\t<div class=\"vc_single_image-wrapper   vc_box_border_grey\"><img loading=\"lazy\" decoding=\"async\" width=\"750\" height=\"563\" src=\"https:\/\/sticlutaesentiala.ro\/wp-content\/uploads\/2026\/08\/dressing-de-primavara-cu-ulei-esential-de-menta-creata-farfurie-1024x768.webp\" class=\"vc_single_image-img attachment-large\" alt=\"Dressing de prim\u0103var\u0103 cu ulei esen\u021bial de Ment\u0103 Crea\u021b\u0103\" srcset=\"https:\/\/sticlutaesentiala.ro\/wp-content\/uploads\/2026\/08\/dressing-de-primavara-cu-ulei-esential-de-menta-creata-farfurie-1024x768.webp 1024w, https:\/\/sticlutaesentiala.ro\/wp-content\/uploads\/2026\/08\/dressing-de-primavara-cu-ulei-esential-de-menta-creata-farfurie-300x225.webp 300w, https:\/\/sticlutaesentiala.ro\/wp-content\/uploads\/2026\/08\/dressing-de-primavara-cu-ulei-esential-de-menta-creata-farfurie-768x576.webp 768w, https:\/\/sticlutaesentiala.ro\/wp-content\/uploads\/2026\/08\/dressing-de-primavara-cu-ulei-esential-de-menta-creata-farfurie-16x12.webp 16w, https:\/\/sticlutaesentiala.ro\/wp-content\/uploads\/2026\/08\/dressing-de-primavara-cu-ulei-esential-de-menta-creata-farfurie-500x375.webp 500w, https:\/\/sticlutaesentiala.ro\/wp-content\/uploads\/2026\/08\/dressing-de-primavara-cu-ulei-esential-de-menta-creata-farfurie-600x450.webp 600w, https:\/\/sticlutaesentiala.ro\/wp-content\/uploads\/2026\/08\/dressing-de-primavara-cu-ulei-esential-de-menta-creata-farfurie.webp 1448w\" sizes=\"auto, (max-width: 750px) 100vw, 750px\" style=\"width:100%;height:75%;max-width:1448px;\" \/><\/div>\r\n\t\t<\/figure>\r\n\t<\/div>\r\n<\/div><\/div><\/div><\/div><\/div><div class=\"vc_gitem-zone vc_gitem-zone-c recipes-list-post-details\"><div class=\"vc_gitem-zone-mini\"><div class=\"vc_gitem_row vc_row vc_gitem-row-position-top\"><div class=\"vc_col-sm-12 vc_gitem-col vc_gitem-col-align- vc_custom_1786966533557\"><div class=\"vc_custom_heading blog-list-post-title vc_gitem-post-data vc_gitem-post-data-source-post_title\" ><h2 style=\"text-align: left\" >Dressing de prim\u0103var\u0103 cu ulei esen\u021bial de Ment\u0103 Crea\u021b\u0103<\/h2><\/div><div class=\"vc_custom_heading blog-list-post-excerpt vc_custom_1786965488279 vc_gitem-post-data vc_gitem-post-data-source-post_excerpt\" ><p style=\"text-align: left\" ><p>Un dressing simplu \u0219i aromat, preparat cu ulei de m\u0103sline, o\u021bet balsamic, miere \u0219i ulei esen\u021bial de Ment\u0103 Crea\u021b\u0103 d\u014dTERRA.<\/p>\n<\/p><\/div><div class=\"vc_btn3-container  blog-list-post-button vc_btn3-left vc_custom_1786966678607\"><a class=\"vc_general vc_btn3 vc_btn3-size-md vc_btn3-shape-rounded vc_btn3-style-flat vc_btn3-icon-right vc_btn3-color-juicy-pink\" a href=\"https:\/\/sticlutaesentiala.ro\/en\/retete\/dressing-de-primavara-cu-ulei-esential-de-menta-creata\/\" title=\"Read more\">Read more <i class=\"vc_btn3-icon fas fa-chevron-right\"><\/i><\/a><\/div><\/div><\/div><\/div><\/div><\/div><div class=\"vc_clearfix\"><\/div><\/div><div class=\"vc_grid-item vc_clearfix vc_col-sm-4 vc_grid-item-zone-c-bottom\"><div class=\"vc_grid-item-mini vc_clearfix\"><div class=\"vc_gitem-animated-block\" \"><div class=\"vc_gitem-zone vc_gitem-zone-a lazyload vc-gitem-zone-height-mode-auto vc-gitem-zone-height-mode-auto-4-3 vc_gitem-is-link\"><a href=\"https:\/\/sticlutaesentiala.ro\/en\/retete\/briose-cu-afine-si-ulei-esential-de-lamaie\/\" title=\"Brio\u0219e cu afine \u0219i ulei esen\u021bial de L\u0103m\u00e2ie\" class=\"vc_gitem-link vc-zone-link\"><\/a><div class=\"vc_gitem-zone-mini\"><div class=\"vc_gitem_row vc_row vc_gitem-row-position-top\"><div class=\"vc_col-sm-12 vc_gitem-col vc_gitem-col-align- vc_custom_1786965254333\">\r\n\t<div class=\"wpb_single_image wpb_content_element recipe-image vc_align_center\">\r\n\t\t<figure class=\"wpb_wrapper vc_figure\">\r\n\t\t\t<div class=\"vc_single_image-wrapper   vc_box_border_grey\"><img loading=\"lazy\" decoding=\"async\" width=\"750\" height=\"499\" src=\"https:\/\/sticlutaesentiala.ro\/wp-content\/uploads\/2026\/08\/briose-cu-afine-si-ulei-esential-de-lamaie-1024x681.webp\" class=\"vc_single_image-img attachment-large\" alt=\"Brio\u0219e cu afine \u0219i ulei esen\u021bial de L\u0103m\u00e2ie\" srcset=\"https:\/\/sticlutaesentiala.ro\/wp-content\/uploads\/2026\/08\/briose-cu-afine-si-ulei-esential-de-lamaie-1024x681.webp 1024w, https:\/\/sticlutaesentiala.ro\/wp-content\/uploads\/2026\/08\/briose-cu-afine-si-ulei-esential-de-lamaie-300x200.webp 300w, https:\/\/sticlutaesentiala.ro\/wp-content\/uploads\/2026\/08\/briose-cu-afine-si-ulei-esential-de-lamaie-768x511.webp 768w, https:\/\/sticlutaesentiala.ro\/wp-content\/uploads\/2026\/08\/briose-cu-afine-si-ulei-esential-de-lamaie-1536x1022.webp 1536w, https:\/\/sticlutaesentiala.ro\/wp-content\/uploads\/2026\/08\/briose-cu-afine-si-ulei-esential-de-lamaie-2048x1363.webp 2048w, https:\/\/sticlutaesentiala.ro\/wp-content\/uploads\/2026\/08\/briose-cu-afine-si-ulei-esential-de-lamaie-18x12.webp 18w, https:\/\/sticlutaesentiala.ro\/wp-content\/uploads\/2026\/08\/briose-cu-afine-si-ulei-esential-de-lamaie-1568x1043.webp 1568w, https:\/\/sticlutaesentiala.ro\/wp-content\/uploads\/2026\/08\/briose-cu-afine-si-ulei-esential-de-lamaie-600x399.webp 600w\" sizes=\"auto, (max-width: 750px) 100vw, 750px\" style=\"width:100%;height:66.52%;max-width:2560px;\" \/><\/div>\r\n\t\t<\/figure>\r\n\t<\/div>\r\n<\/div><\/div><\/div><\/div><\/div><div class=\"vc_gitem-zone vc_gitem-zone-c recipes-list-post-details\"><div class=\"vc_gitem-zone-mini\"><div class=\"vc_gitem_row vc_row vc_gitem-row-position-top\"><div class=\"vc_col-sm-12 vc_gitem-col vc_gitem-col-align- vc_custom_1786966533557\"><div class=\"vc_custom_heading blog-list-post-title vc_gitem-post-data vc_gitem-post-data-source-post_title\" ><h2 style=\"text-align: left\" >Brio\u0219e cu afine \u0219i ulei esen\u021bial de L\u0103m\u00e2ie<\/h2><\/div><div class=\"vc_custom_heading blog-list-post-excerpt vc_custom_1786965488279 vc_gitem-post-data vc_gitem-post-data-source-post_excerpt\" ><p style=\"text-align: left\" ><p>Brio\u0219e fragede cu afine, f\u0103r\u0103 gluten \u0219i f\u0103r\u0103 zah\u0103r rafinat, aromatizate cu ulei esen\u021bial de L\u0103m\u00e2ie d\u014dTERRA. Perfecte pentru mic dejun sau desert.<\/p>\n<\/p><\/div><div class=\"vc_btn3-container  blog-list-post-button vc_btn3-left vc_custom_1786966678607\"><a class=\"vc_general vc_btn3 vc_btn3-size-md vc_btn3-shape-rounded vc_btn3-style-flat vc_btn3-icon-right vc_btn3-color-juicy-pink\" a href=\"https:\/\/sticlutaesentiala.ro\/en\/retete\/briose-cu-afine-si-ulei-esential-de-lamaie\/\" title=\"Read more\">Read more <i class=\"vc_btn3-icon fas fa-chevron-right\"><\/i><\/a><\/div><\/div><\/div><\/div><\/div><\/div><div class=\"vc_clearfix\"><\/div><\/div><div class=\"vc_grid-item vc_clearfix vc_col-sm-4 vc_grid-item-zone-c-bottom\"><div class=\"vc_grid-item-mini vc_clearfix\"><div class=\"vc_gitem-animated-block\" \"><div class=\"vc_gitem-zone vc_gitem-zone-a lazyload vc-gitem-zone-height-mode-auto vc-gitem-zone-height-mode-auto-4-3 vc_gitem-is-link\"><a href=\"https:\/\/sticlutaesentiala.ro\/en\/retete\/mousse-de-ciocolata-si-avocado-cu-menta\/\" title=\"Mousse de ciocolat\u0103 \u0219i avocado cu Ment\u0103\" class=\"vc_gitem-link vc-zone-link\"><\/a><div class=\"vc_gitem-zone-mini\"><div class=\"vc_gitem_row vc_row vc_gitem-row-position-top\"><div class=\"vc_col-sm-12 vc_gitem-col vc_gitem-col-align- vc_custom_1786965254333\">\r\n\t<div class=\"wpb_single_image wpb_content_element recipe-image vc_align_center\">\r\n\t\t<figure class=\"wpb_wrapper vc_figure\">\r\n\t\t\t<div class=\"vc_single_image-wrapper   vc_box_border_grey\"><img loading=\"lazy\" decoding=\"async\" width=\"750\" height=\"500\" src=\"https:\/\/sticlutaesentiala.ro\/wp-content\/uploads\/2026\/08\/mousse-ciocolata-avocado-menta-1024x683.webp\" class=\"vc_single_image-img attachment-large\" alt=\"Dou\u0103 pahare cu mousse de ciocolat\u0103 \u0219i avocado\" srcset=\"https:\/\/sticlutaesentiala.ro\/wp-content\/uploads\/2026\/08\/mousse-ciocolata-avocado-menta-1024x683.webp 1024w, https:\/\/sticlutaesentiala.ro\/wp-content\/uploads\/2026\/08\/mousse-ciocolata-avocado-menta-300x200.webp 300w, https:\/\/sticlutaesentiala.ro\/wp-content\/uploads\/2026\/08\/mousse-ciocolata-avocado-menta-768x512.webp 768w, https:\/\/sticlutaesentiala.ro\/wp-content\/uploads\/2026\/08\/mousse-ciocolata-avocado-menta-1536x1024.webp 1536w, https:\/\/sticlutaesentiala.ro\/wp-content\/uploads\/2026\/08\/mousse-ciocolata-avocado-menta-18x12.webp 18w, https:\/\/sticlutaesentiala.ro\/wp-content\/uploads\/2026\/08\/mousse-ciocolata-avocado-menta-1568x1045.webp 1568w, https:\/\/sticlutaesentiala.ro\/wp-content\/uploads\/2026\/08\/mousse-ciocolata-avocado-menta-600x400.webp 600w, https:\/\/sticlutaesentiala.ro\/wp-content\/uploads\/2026\/08\/mousse-ciocolata-avocado-menta.webp 2048w\" sizes=\"auto, (max-width: 750px) 100vw, 750px\" style=\"width:100%;height:66.65%;max-width:2048px;\" \/><\/div>\r\n\t\t<\/figure>\r\n\t<\/div>\r\n<\/div><\/div><\/div><\/div><\/div><div class=\"vc_gitem-zone vc_gitem-zone-c recipes-list-post-details\"><div class=\"vc_gitem-zone-mini\"><div class=\"vc_gitem_row vc_row vc_gitem-row-position-top\"><div class=\"vc_col-sm-12 vc_gitem-col vc_gitem-col-align- vc_custom_1786966533557\"><div class=\"vc_custom_heading blog-list-post-title vc_gitem-post-data vc_gitem-post-data-source-post_title\" ><h2 style=\"text-align: left\" >Mousse de ciocolat\u0103 \u0219i avocado cu Ment\u0103<\/h2><\/div><div class=\"vc_custom_heading blog-list-post-excerpt vc_custom_1786965488279 vc_gitem-post-data vc_gitem-post-data-source-post_excerpt\" ><p style=\"text-align: left\" ><p>Un mousse cremos \u0219i intens de ciocolat\u0103, preparat cu avocado, crem\u0103 de cocos \u0219i o not\u0103 r\u0103coritoare de ulei esen\u021bial de Ment\u0103 doTERRA.<\/p>\n<\/p><\/div><div class=\"vc_btn3-container  blog-list-post-button vc_btn3-left vc_custom_1786966678607\"><a class=\"vc_general vc_btn3 vc_btn3-size-md vc_btn3-shape-rounded vc_btn3-style-flat vc_btn3-icon-right vc_btn3-color-juicy-pink\" a href=\"https:\/\/sticlutaesentiala.ro\/en\/retete\/mousse-de-ciocolata-si-avocado-cu-menta\/\" title=\"Read more\">Read more <i class=\"vc_btn3-icon fas fa-chevron-right\"><\/i><\/a><\/div><\/div><\/div><\/div><\/div><\/div><div class=\"vc_clearfix\"><\/div><\/div><div class=\"vc_grid-item vc_clearfix vc_col-sm-4 vc_grid-item-zone-c-bottom\"><div class=\"vc_grid-item-mini vc_clearfix\"><div class=\"vc_gitem-animated-block\" \"><div class=\"vc_gitem-zone vc_gitem-zone-a lazyload vc-gitem-zone-height-mode-auto vc-gitem-zone-height-mode-auto-4-3 vc_gitem-is-link\"><a href=\"https:\/\/sticlutaesentiala.ro\/en\/retete\/smoothie-cu-fructe-de-padure-si-lamaie\/\" title=\"Smoothie cu fructe de p\u0103dure \u0219i l\u0103m\u00e2ie\" class=\"vc_gitem-link vc-zone-link\"><\/a><div class=\"vc_gitem-zone-mini\"><div class=\"vc_gitem_row vc_row vc_gitem-row-position-top\"><div class=\"vc_col-sm-12 vc_gitem-col vc_gitem-col-align- vc_custom_1786965254333\">\r\n\t<div class=\"wpb_single_image wpb_content_element recipe-image vc_align_center\">\r\n\t\t<figure class=\"wpb_wrapper vc_figure\">\r\n\t\t\t<div class=\"vc_single_image-wrapper   vc_box_border_grey\"><img loading=\"lazy\" decoding=\"async\" width=\"750\" height=\"561\" src=\"https:\/\/sticlutaesentiala.ro\/wp-content\/uploads\/2026\/08\/smoothie-fructe-de-padure-lamaie-1024x766.webp\" class=\"vc_single_image-img attachment-large\" alt=\"Smoothie cu fructe de p\u0103dure \u0219i l\u0103m\u00e2ie, decorat cu c\u0103p\u0219uni \u0219i afine\" srcset=\"https:\/\/sticlutaesentiala.ro\/wp-content\/uploads\/2026\/08\/smoothie-fructe-de-padure-lamaie-1024x766.webp 1024w, https:\/\/sticlutaesentiala.ro\/wp-content\/uploads\/2026\/08\/smoothie-fructe-de-padure-lamaie-300x225.webp 300w, https:\/\/sticlutaesentiala.ro\/wp-content\/uploads\/2026\/08\/smoothie-fructe-de-padure-lamaie-768x575.webp 768w, https:\/\/sticlutaesentiala.ro\/wp-content\/uploads\/2026\/08\/smoothie-fructe-de-padure-lamaie-16x12.webp 16w, https:\/\/sticlutaesentiala.ro\/wp-content\/uploads\/2026\/08\/smoothie-fructe-de-padure-lamaie-500x375.webp 500w, https:\/\/sticlutaesentiala.ro\/wp-content\/uploads\/2026\/08\/smoothie-fructe-de-padure-lamaie-600x449.webp 600w, https:\/\/sticlutaesentiala.ro\/wp-content\/uploads\/2026\/08\/smoothie-fructe-de-padure-lamaie.webp 1280w\" sizes=\"auto, (max-width: 750px) 100vw, 750px\" style=\"width:100%;height:74.84%;max-width:1280px;\" \/><\/div>\r\n\t\t<\/figure>\r\n\t<\/div>\r\n<\/div><\/div><\/div><\/div><\/div><div class=\"vc_gitem-zone vc_gitem-zone-c recipes-list-post-details\"><div class=\"vc_gitem-zone-mini\"><div class=\"vc_gitem_row vc_row vc_gitem-row-position-top\"><div class=\"vc_col-sm-12 vc_gitem-col vc_gitem-col-align- vc_custom_1786966533557\"><div class=\"vc_custom_heading blog-list-post-title vc_gitem-post-data vc_gitem-post-data-source-post_title\" ><h2 style=\"text-align: left\" >Smoothie cu fructe de p\u0103dure \u0219i l\u0103m\u00e2ie<\/h2><\/div><div class=\"vc_custom_heading blog-list-post-excerpt vc_custom_1786965488279 vc_gitem-post-data vc_gitem-post-data-source-post_excerpt\" ><p style=\"text-align: left\" ><p>\u00cencearc\u0103 un smoothie delicios \u0219i r\u0103coritor, preparat cu afine, c\u0103p\u0219uni, protein\u0103 doTERRA cu arom\u0103 de vanilie \u0219i o not\u0103 proasp\u0103t\u0103 de l\u0103m\u00e2ie. O combina\u021bie potrivit\u0103 pentru \u00eentreaga familie!<\/p>\n<\/p><\/div><div class=\"vc_btn3-container  blog-list-post-button vc_btn3-left vc_custom_1786966678607\"><a class=\"vc_general vc_btn3 vc_btn3-size-md vc_btn3-shape-rounded vc_btn3-style-flat vc_btn3-icon-right vc_btn3-color-juicy-pink\" a href=\"https:\/\/sticlutaesentiala.ro\/en\/retete\/smoothie-cu-fructe-de-padure-si-lamaie\/\" title=\"Read more\">Read more <i class=\"vc_btn3-icon fas fa-chevron-right\"><\/i><\/a><\/div><\/div><\/div><\/div><\/div><\/div><div class=\"vc_clearfix\"><\/div><\/div><div class=\"vc_grid-item vc_clearfix vc_col-sm-4 vc_grid-item-zone-c-bottom\"><div class=\"vc_grid-item-mini vc_clearfix\"><div class=\"vc_gitem-animated-block\" \"><div class=\"vc_gitem-zone vc_gitem-zone-a lazyload vc-gitem-zone-height-mode-auto vc-gitem-zone-height-mode-auto-4-3 vc_gitem-is-link\"><a href=\"https:\/\/sticlutaesentiala.ro\/en\/retete\/limonada-de-pepene-rosu-cu-textura-de-granita\/\" title=\"Limonad\u0103 de pepene ro\u0219u cu textur\u0103 de granita\" class=\"vc_gitem-link vc-zone-link\"><\/a><div class=\"vc_gitem-zone-mini\"><div class=\"vc_gitem_row vc_row vc_gitem-row-position-top\"><div class=\"vc_col-sm-12 vc_gitem-col vc_gitem-col-align- vc_custom_1786965254333\">\r\n\t<div class=\"wpb_single_image wpb_content_element recipe-image vc_align_center\">\r\n\t\t<figure class=\"wpb_wrapper vc_figure\">\r\n\t\t\t<div class=\"vc_single_image-wrapper   vc_box_border_grey\"><img loading=\"lazy\" decoding=\"async\" width=\"750\" height=\"500\" src=\"https:\/\/sticlutaesentiala.ro\/wp-content\/uploads\/2026\/08\/limonada-pepene-rosu-lamaie-1024x683.webp\" class=\"vc_single_image-img attachment-large\" alt=\"Limonad\u0103 de pepene ro\u0219u \u0219i l\u0103m\u00e2ie, servit\u0103 cu ghea\u021b\u0103 \u0219i ment\u0103\" srcset=\"https:\/\/sticlutaesentiala.ro\/wp-content\/uploads\/2026\/08\/limonada-pepene-rosu-lamaie-1024x683.webp 1024w, https:\/\/sticlutaesentiala.ro\/wp-content\/uploads\/2026\/08\/limonada-pepene-rosu-lamaie-300x200.webp 300w, https:\/\/sticlutaesentiala.ro\/wp-content\/uploads\/2026\/08\/limonada-pepene-rosu-lamaie-768x512.webp 768w, https:\/\/sticlutaesentiala.ro\/wp-content\/uploads\/2026\/08\/limonada-pepene-rosu-lamaie-18x12.webp 18w, https:\/\/sticlutaesentiala.ro\/wp-content\/uploads\/2026\/08\/limonada-pepene-rosu-lamaie-600x400.webp 600w, https:\/\/sticlutaesentiala.ro\/wp-content\/uploads\/2026\/08\/limonada-pepene-rosu-lamaie.webp 1536w\" sizes=\"auto, (max-width: 750px) 100vw, 750px\" style=\"width:100%;height:66.67%;max-width:1536px;\" \/><\/div>\r\n\t\t<\/figure>\r\n\t<\/div>\r\n<\/div><\/div><\/div><\/div><\/div><div class=\"vc_gitem-zone vc_gitem-zone-c recipes-list-post-details\"><div class=\"vc_gitem-zone-mini\"><div class=\"vc_gitem_row vc_row vc_gitem-row-position-top\"><div class=\"vc_col-sm-12 vc_gitem-col vc_gitem-col-align- vc_custom_1786966533557\"><div class=\"vc_custom_heading blog-list-post-title vc_gitem-post-data vc_gitem-post-data-source-post_title\" ><h2 style=\"text-align: left\" >Limonad\u0103 de pepene ro\u0219u cu textur\u0103 de granita<\/h2><\/div><div class=\"vc_custom_heading blog-list-post-excerpt vc_custom_1786965488279 vc_gitem-post-data vc_gitem-post-data-source-post_excerpt\" ><p style=\"text-align: left\" ><p>O limonad\u0103 r\u0103coritoare cu textur\u0103 de granita, preparat\u0103 din pepene ro\u0219u, c\u0103p\u0219uni \u0219i suc de l\u0103m\u00e2ie \u0219i aromat\u0103 cu ulei esen\u021bial de L\u0103m\u00e2ie doTERRA.<\/p>\n<\/p><\/div><div class=\"vc_btn3-container  blog-list-post-button vc_btn3-left vc_custom_1786966678607\"><a class=\"vc_general vc_btn3 vc_btn3-size-md vc_btn3-shape-rounded vc_btn3-style-flat vc_btn3-icon-right vc_btn3-color-juicy-pink\" a href=\"https:\/\/sticlutaesentiala.ro\/en\/retete\/limonada-de-pepene-rosu-cu-textura-de-granita\/\" title=\"Read more\">Read more <i class=\"vc_btn3-icon fas fa-chevron-right\"><\/i><\/a><\/div><\/div><\/div><\/div><\/div><\/div><div class=\"vc_clearfix\"><\/div><\/div><\/div><\/div>\r\n\t<\/div>\r\n<\/div><\/div><\/div><\/div><\/div>","protected":false},"excerpt":{"rendered":"<p>Descoper\u0103 re\u021bete cu uleiuri esen\u021biale doTERRA: smoothie-uri, limonade \u0219i alte preparate aromate, traduse \u0219i adaptate \u00een limba rom\u00e2n\u0103.<\/p>","protected":false},"author":1,"featured_media":0,"parent":0,"menu_order":0,"comment_status":"closed","ping_status":"closed","template":"","meta":{"wprm-recipe-roundup-name":"","wprm-recipe-roundup-description":"","powered_cache_disable_cache":false,"powered_cache_disable_css_optimization":false,"footnotes":""},"class_list":["post-459","page","type-page","status-publish","hentry","entry"],"yoast_head":"<!-- This site is optimized with the Yoast SEO plugin v28.3 - https:\/\/yoast.com\/product\/yoast-seo-wordpress\/ -->\n<title>Re\u021bete - Sticluta Esentiala<\/title>\n<meta name=\"description\" content=\"Descoper\u0103 re\u021bete cu uleiuri esen\u021biale doTERRA, traduse \u0219i adaptate \u00een limba rom\u00e2n\u0103: b\u0103uturi r\u0103coritoare, smoothie-uri \u0219i alte preparate.\" \/>\n<meta name=\"robots\" content=\"index, follow, max-snippet:-1, max-image-preview:large, max-video-preview:-1\" \/>\n<link rel=\"canonical\" href=\"https:\/\/sticlutaesentiala.ro\/en\/retete\/\" \/>\n<meta property=\"og:locale\" content=\"en_US\" \/>\n<meta property=\"og:type\" content=\"article\" \/>\n<meta property=\"og:title\" content=\"Re\u021bete - Sticluta Esentiala\" \/>\n<meta property=\"og:description\" content=\"Descoper\u0103 re\u021bete cu uleiuri esen\u021biale doTERRA, traduse \u0219i adaptate \u00een limba rom\u00e2n\u0103: b\u0103uturi r\u0103coritoare, smoothie-uri \u0219i alte preparate.\" \/>\n<meta property=\"og:url\" content=\"https:\/\/sticlutaesentiala.ro\/en\/retete\/\" \/>\n<meta property=\"og:site_name\" content=\"Sticluta Esentiala\" \/>\n<meta property=\"article:publisher\" content=\"https:\/\/www.facebook.com\/groups\/sticlutaesentiala\/\" \/>\n<meta property=\"article:modified_time\" content=\"2026-08-17T13:43:44+00:00\" \/>\n<meta name=\"twitter:card\" content=\"summary_large_image\" \/>\n<script type=\"application\/ld+json\" class=\"yoast-schema-graph\">{\"@context\":\"https:\\\/\\\/schema.org\",\"@graph\":[{\"@type\":\"WebPage\",\"@id\":\"https:\\\/\\\/sticlutaesentiala.ro\\\/retete\\\/\",\"url\":\"https:\\\/\\\/sticlutaesentiala.ro\\\/retete\\\/\",\"name\":\"Re\u021bete - Sticluta Esentiala\",\"isPartOf\":{\"@id\":\"https:\\\/\\\/sticlutaesentiala.ro\\\/#website\"},\"datePublished\":\"2024-04-17T07:39:15+00:00\",\"dateModified\":\"2026-08-17T13:43:44+00:00\",\"description\":\"Descoper\u0103 re\u021bete cu uleiuri esen\u021biale doTERRA, traduse \u0219i adaptate \u00een limba rom\u00e2n\u0103: b\u0103uturi r\u0103coritoare, smoothie-uri \u0219i alte preparate.\",\"breadcrumb\":{\"@id\":\"https:\\\/\\\/sticlutaesentiala.ro\\\/retete\\\/#breadcrumb\"},\"inLanguage\":\"en-US\",\"potentialAction\":[{\"@type\":\"ReadAction\",\"target\":[\"https:\\\/\\\/sticlutaesentiala.ro\\\/retete\\\/\"]}]},{\"@type\":\"BreadcrumbList\",\"@id\":\"https:\\\/\\\/sticlutaesentiala.ro\\\/retete\\\/#breadcrumb\",\"itemListElement\":[{\"@type\":\"ListItem\",\"position\":1,\"name\":\"Prima pagin\u0103\",\"item\":\"https:\\\/\\\/sticlutaesentiala.ro\\\/\"},{\"@type\":\"ListItem\",\"position\":2,\"name\":\"Re\u021bete\"}]},{\"@type\":\"WebSite\",\"@id\":\"https:\\\/\\\/sticlutaesentiala.ro\\\/#website\",\"url\":\"https:\\\/\\\/sticlutaesentiala.ro\\\/\",\"name\":\"Sticluta Esentiala\",\"description\":\"\",\"publisher\":{\"@id\":\"https:\\\/\\\/sticlutaesentiala.ro\\\/#organization\"},\"potentialAction\":[{\"@type\":\"SearchAction\",\"target\":{\"@type\":\"EntryPoint\",\"urlTemplate\":\"https:\\\/\\\/sticlutaesentiala.ro\\\/?s={search_term_string}\"},\"query-input\":{\"@type\":\"PropertyValueSpecification\",\"valueRequired\":true,\"valueName\":\"search_term_string\"}}],\"inLanguage\":\"en-US\"},{\"@type\":\"Organization\",\"@id\":\"https:\\\/\\\/sticlutaesentiala.ro\\\/#organization\",\"name\":\"Sticluta Esentiala\",\"url\":\"https:\\\/\\\/sticlutaesentiala.ro\\\/\",\"logo\":{\"@type\":\"ImageObject\",\"inLanguage\":\"en-US\",\"@id\":\"https:\\\/\\\/sticlutaesentiala.ro\\\/#\\\/schema\\\/logo\\\/image\\\/\",\"url\":\"https:\\\/\\\/sticlutaesentiala.ro\\\/wp-content\\\/uploads\\\/2024\\\/05\\\/logoHeader_02.png\",\"contentUrl\":\"https:\\\/\\\/sticlutaesentiala.ro\\\/wp-content\\\/uploads\\\/2024\\\/05\\\/logoHeader_02.png\",\"width\":214,\"height\":116,\"caption\":\"Sticluta Esentiala\"},\"image\":{\"@id\":\"https:\\\/\\\/sticlutaesentiala.ro\\\/#\\\/schema\\\/logo\\\/image\\\/\"},\"sameAs\":[\"https:\\\/\\\/www.facebook.com\\\/groups\\\/sticlutaesentiala\\\/\"]}]}<\/script>\n<!-- \/ Yoast SEO plugin. -->","yoast_head_json":{"title":"Re\u021bete - Sticluta Esentiala","description":"Descoper\u0103 re\u021bete cu uleiuri esen\u021biale doTERRA, traduse \u0219i adaptate \u00een limba rom\u00e2n\u0103: b\u0103uturi r\u0103coritoare, smoothie-uri \u0219i alte preparate.","robots":{"index":"index","follow":"follow","max-snippet":"max-snippet:-1","max-image-preview":"max-image-preview:large","max-video-preview":"max-video-preview:-1"},"canonical":"https:\/\/sticlutaesentiala.ro\/en\/retete\/","og_locale":"en_US","og_type":"article","og_title":"Re\u021bete - Sticluta Esentiala","og_description":"Descoper\u0103 re\u021bete cu uleiuri esen\u021biale doTERRA, traduse \u0219i adaptate \u00een limba rom\u00e2n\u0103: b\u0103uturi r\u0103coritoare, smoothie-uri \u0219i alte preparate.","og_url":"https:\/\/sticlutaesentiala.ro\/en\/retete\/","og_site_name":"Sticluta Esentiala","article_publisher":"https:\/\/www.facebook.com\/groups\/sticlutaesentiala\/","article_modified_time":"2026-08-17T13:43:44+00:00","twitter_card":"summary_large_image","schema":{"@context":"https:\/\/schema.org","@graph":[{"@type":"WebPage","@id":"https:\/\/sticlutaesentiala.ro\/retete\/","url":"https:\/\/sticlutaesentiala.ro\/retete\/","name":"Re\u021bete - Sticluta Esentiala","isPartOf":{"@id":"https:\/\/sticlutaesentiala.ro\/#website"},"datePublished":"2024-04-17T07:39:15+00:00","dateModified":"2026-08-17T13:43:44+00:00","description":"Descoper\u0103 re\u021bete cu uleiuri esen\u021biale doTERRA, traduse \u0219i adaptate \u00een limba rom\u00e2n\u0103: b\u0103uturi r\u0103coritoare, smoothie-uri \u0219i alte preparate.","breadcrumb":{"@id":"https:\/\/sticlutaesentiala.ro\/retete\/#breadcrumb"},"inLanguage":"en-US","potentialAction":[{"@type":"ReadAction","target":["https:\/\/sticlutaesentiala.ro\/retete\/"]}]},{"@type":"BreadcrumbList","@id":"https:\/\/sticlutaesentiala.ro\/retete\/#breadcrumb","itemListElement":[{"@type":"ListItem","position":1,"name":"Prima pagin\u0103","item":"https:\/\/sticlutaesentiala.ro\/"},{"@type":"ListItem","position":2,"name":"Re\u021bete"}]},{"@type":"WebSite","@id":"https:\/\/sticlutaesentiala.ro\/#website","url":"https:\/\/sticlutaesentiala.ro\/","name":"Sticluta Esentiala","description":"","publisher":{"@id":"https:\/\/sticlutaesentiala.ro\/#organization"},"potentialAction":[{"@type":"SearchAction","target":{"@type":"EntryPoint","urlTemplate":"https:\/\/sticlutaesentiala.ro\/?s={search_term_string}"},"query-input":{"@type":"PropertyValueSpecification","valueRequired":true,"valueName":"search_term_string"}}],"inLanguage":"en-US"},{"@type":"Organization","@id":"https:\/\/sticlutaesentiala.ro\/#organization","name":"Sticluta Esentiala","url":"https:\/\/sticlutaesentiala.ro\/","logo":{"@type":"ImageObject","inLanguage":"en-US","@id":"https:\/\/sticlutaesentiala.ro\/#\/schema\/logo\/image\/","url":"https:\/\/sticlutaesentiala.ro\/wp-content\/uploads\/2024\/05\/logoHeader_02.png","contentUrl":"https:\/\/sticlutaesentiala.ro\/wp-content\/uploads\/2024\/05\/logoHeader_02.png","width":214,"height":116,"caption":"Sticluta Esentiala"},"image":{"@id":"https:\/\/sticlutaesentiala.ro\/#\/schema\/logo\/image\/"},"sameAs":["https:\/\/www.facebook.com\/groups\/sticlutaesentiala\/"]}]}},"_links":{"self":[{"href":"https:\/\/sticlutaesentiala.ro\/en\/wp-json\/wp\/v2\/pages\/459","targetHints":{"allow":["GET"]}}],"collection":[{"href":"https:\/\/sticlutaesentiala.ro\/en\/wp-json\/wp\/v2\/pages"}],"about":[{"href":"https:\/\/sticlutaesentiala.ro\/en\/wp-json\/wp\/v2\/types\/page"}],"author":[{"embeddable":true,"href":"https:\/\/sticlutaesentiala.ro\/en\/wp-json\/wp\/v2\/users\/1"}],"replies":[{"embeddable":true,"href":"https:\/\/sticlutaesentiala.ro\/en\/wp-json\/wp\/v2\/comments?post=459"}],"version-history":[{"count":16,"href":"https:\/\/sticlutaesentiala.ro\/en\/wp-json\/wp\/v2\/pages\/459\/revisions"}],"predecessor-version":[{"id":1517,"href":"https:\/\/sticlutaesentiala.ro\/en\/wp-json\/wp\/v2\/pages\/459\/revisions\/1517"}],"wp:attachment":[{"href":"https:\/\/sticlutaesentiala.ro\/en\/wp-json\/wp\/v2\/media?parent=459"}],"curies":[{"name":"wp","href":"https:\/\/api.w.org\/{rel}","templated":true}]}}